{"id":164,"date":"2014-12-16T16:38:22","date_gmt":"2014-12-16T16:38:22","guid":{"rendered":"http:\/\/centrolinguaitaliana.es\/?page_id=164"},"modified":"2026-05-12T06:39:13","modified_gmt":"2026-05-12T06:39:13","slug":"erasmus","status":"publish","type":"page","link":"https:\/\/centrolinguaitaliana.es\/?page_id=164","title":{"rendered":"Cursos Intensivos"},"content":{"rendered":"<h2 class=\"p1\" style=\"text-align: left;\"><\/h2>\n<p class=\"p1\" style=\"text-align: left;\">M\u00e9todo pr\u00e1ctico y comunicativo.<\/p>\n<p class=\"p2\">El m\u00e9todo combina la ense\u00f1anza gramatical en situaciones comunicativas y la pr\u00e1ctica de las cuatro destrezas necesarias para el aprendizaje de un idioma: escuchar, hablar, leer, escribir.<\/p>\n<div class=\"default-style\">\n<div class=\"default-style\">\n<div><\/div>\n<div><\/div>\n<div><\/div>\n<div><\/div>\n<div><\/div>\n<p><strong>\u00a0<img loading=\"lazy\" decoding=\"async\" class=\"alignleft size-full wp-image-601\" src=\"https:\/\/centrolinguaitaliana.es\/wp-content\/uploads\/2014\/12\/new182.gif\" alt=\"new182\" width=\"50\" height=\"50\" \/><\/strong><strong>1)\u00a0 Curso Intensivo Presencial\u00a0(A1-A2)<\/strong><\/p>\n<p><strong>Desde el 15 de junio de 2026 hasta el 23 de julio 2026<\/strong><\/p>\n<p><strong>Duraci\u00f3n:\u00a0<\/strong>60\u00a0horas<\/p>\n<p><strong>D\u00edas y horario:\u00a0<\/strong>de lunes a jueves de<strong> 17:00 a 19:30<\/strong><\/p>\n<p><strong>Precio:\u00a0590\u20ac<\/strong>\u00a0pago \u00fanico o <strong>2 pagos de 295\u20ac<\/strong>.\u00a0 \u00a0<strong>Material incluido.<\/strong><\/p>\n<\/div>\n<\/div>\n<div class=\"default-style\"><\/div>\n<div class=\"default-style\"><\/div>\n<p>Reserva tu plaza<\/p>\n<p class=\"p2\"><span style=\"color: #000000;\"><a style=\"color: #000000;\" href=\"mailto:info@centrolinguaitaliana.es\"><span class=\"s1\">info@centrolinguaitaliana.es<\/span><\/a><\/span><\/p>\n<p class=\"p1\"><span style=\"color: #000000;\">+34 910 136 922<\/span><\/p>\n<p class=\"p1\"><span style=\"color: #000000;\">+34 695 589 085<\/span><\/p>\n","protected":false},"excerpt":{"rendered":"<p>M\u00e9todo pr\u00e1ctico y comunicativo. El m\u00e9todo combina la ense\u00f1anza gramatical en situaciones comunicativas y la pr\u00e1ctica de las cuatro destrezas necesarias para el aprendizaje de un idioma: escuchar, hablar, leer, escribir. \u00a01)\u00a0 Curso Intensivo Presencial\u00a0(A1-A2) Desde el 15 de junio de 2026 hasta el 23 de julio 2026 Duraci\u00f3n:\u00a060\u00a0horas D\u00edas y horario:\u00a0de lunes a jueves [&hellip;]<\/p>\n","protected":false},"author":1,"featured_media":0,"parent":0,"menu_order":0,"comment_status":"closed","ping_status":"closed","template":"","meta":{"_monsterinsights_skip_tracking":false,"_monsterinsights_sitenote_active":false,"_monsterinsights_sitenote_note":"","_monsterinsights_sitenote_category":0,"footnotes":""},"class_list":["post-164","page","type-page","status-publish","hentry"],"_links":{"self":[{"href":"https:\/\/centrolinguaitaliana.es\/index.php?rest_route=\/wp\/v2\/pages\/164","targetHints":{"allow":["GET"]}}],"collection":[{"href":"https:\/\/centrolinguaitaliana.es\/index.php?rest_route=\/wp\/v2\/pages"}],"about":[{"href":"https:\/\/centrolinguaitaliana.es\/index.php?rest_route=\/wp\/v2\/types\/page"}],"author":[{"embeddable":true,"href":"https:\/\/centrolinguaitaliana.es\/index.php?rest_route=\/wp\/v2\/users\/1"}],"replies":[{"embeddable":true,"href":"https:\/\/centrolinguaitaliana.es\/index.php?rest_route=%2Fwp%2Fv2%2Fcomments&post=164"}],"version-history":[{"count":138,"href":"https:\/\/centrolinguaitaliana.es\/index.php?rest_route=\/wp\/v2\/pages\/164\/revisions"}],"predecessor-version":[{"id":1614,"href":"https:\/\/centrolinguaitaliana.es\/index.php?rest_route=\/wp\/v2\/pages\/164\/revisions\/1614"}],"wp:attachment":[{"href":"https:\/\/centrolinguaitaliana.es\/index.php?rest_route=%2Fwp%2Fv2%2Fmedia&parent=164"}],"curies":[{"name":"wp","href":"https:\/\/api.w.org\/{rel}","templated":true}]}}